{"id":1576,"date":"2025-07-23T09:21:48","date_gmt":"2025-07-23T09:21:48","guid":{"rendered":"https:\/\/proentials.de\/?page_id=1576"},"modified":"2026-03-16T14:19:00","modified_gmt":"2026-03-16T14:19:00","slug":"aktuelle-angebote","status":"publish","type":"page","link":"https:\/\/proentials.de\/index.php\/aktuelle-angebote\/","title":{"rendered":"Aktuelle Angebote"},"content":{"rendered":"\t\t<div data-elementor-type=\"wp-page\" data-elementor-id=\"1576\" class=\"elementor elementor-1576\">\n\t\t\t\t\t\t<section class=\"elementor-section elementor-top-section elementor-element elementor-element-d032269 elementor-section-boxed elementor-section-height-default elementor-section-height-default\" data-id=\"d032269\" data-element_type=\"section\" data-e-type=\"section\">\n\t\t\t\t\t\t<div class=\"elementor-container elementor-column-gap-default\">\n\t\t\t\t\t<div class=\"elementor-column elementor-col-100 elementor-top-column elementor-element elementor-element-1e2d4dc\" data-id=\"1e2d4dc\" data-element_type=\"column\" data-e-type=\"column\">\n\t\t\t<div class=\"elementor-widget-wrap elementor-element-populated\">\n\t\t\t\t\t\t<div class=\"elementor-element elementor-element-fbfa008 elementor-widget elementor-widget-heading\" data-id=\"fbfa008\" data-element_type=\"widget\" data-e-type=\"widget\" data-widget_type=\"heading.default\">\n\t\t\t\t<div class=\"elementor-widget-container\">\n\t\t\t\t\t<h2 class=\"elementor-heading-title elementor-size-default\">Aktuelle Termine &amp; Angebote<\/h2>\t\t\t\t<\/div>\n\t\t\t\t<\/div>\n\t\t\t\t<div class=\"elementor-element elementor-element-7d168c1 elementor-widget elementor-widget-heading\" data-id=\"7d168c1\" data-element_type=\"widget\" data-e-type=\"widget\" data-widget_type=\"heading.default\">\n\t\t\t\t<div class=\"elementor-widget-container\">\n\t\t\t\t\t<h3 class=\"elementor-heading-title elementor-size-default\">Impulse f\u00fcr Ver\u00e4nderung<\/h3>\t\t\t\t<\/div>\n\t\t\t\t<\/div>\n\t\t\t\t<div class=\"elementor-element elementor-element-9978416 elementor-widget-divider--view-line elementor-widget elementor-widget-divider\" data-id=\"9978416\" data-element_type=\"widget\" data-e-type=\"widget\" data-widget_type=\"divider.default\">\n\t\t\t\t<div class=\"elementor-widget-container\">\n\t\t\t\t\t\t\t<div class=\"elementor-divider\">\n\t\t\t<span class=\"elementor-divider-separator\">\n\t\t\t\t\t\t<\/span>\n\t\t<\/div>\n\t\t\t\t\t\t<\/div>\n\t\t\t\t<\/div>\n\t\t\t\t<div class=\"elementor-element elementor-element-3e02a5e elementor-widget elementor-widget-text-editor\" data-id=\"3e02a5e\" data-element_type=\"widget\" data-e-type=\"widget\" data-widget_type=\"text-editor.default\">\n\t\t\t\t<div class=\"elementor-widget-container\">\n\t\t\t\t\t\t\t\t\t<p>Auf dieser Seite finden Sie aktuelle Angebote, bei denen Sie mit mir pers\u00f6nlich arbeiten k\u00f6nnen \u2013 in Kooperation mit renommierten Partnerinstituten. Die Veranstaltungen richten sich an Einzelpersonen, Teams und Organisationen \u2013 und verbinden professionelle Weiterentwicklung mit einem hohen Ma\u00df an Selbstreflexion, Wirksamkeit und Tiefe.<\/p>\t\t\t\t\t\t\t\t<\/div>\n\t\t\t\t<\/div>\n\t\t\t\t\t<\/div>\n\t\t<\/div>\n\t\t\t\t\t<\/div>\n\t\t<\/section>\n\t\t\t\t<section class=\"elementor-section elementor-top-section elementor-element elementor-element-d82ce28 elementor-section-boxed elementor-section-height-default elementor-section-height-default\" data-id=\"d82ce28\" data-element_type=\"section\" data-e-type=\"section\" data-settings=\"{&quot;background_background&quot;:&quot;classic&quot;}\">\n\t\t\t\t\t\t<div class=\"elementor-container elementor-column-gap-default\">\n\t\t\t\t\t<div class=\"elementor-column elementor-col-100 elementor-top-column elementor-element elementor-element-040339e\" data-id=\"040339e\" data-element_type=\"column\" data-e-type=\"column\" data-settings=\"{&quot;background_background&quot;:&quot;classic&quot;}\">\n\t\t\t<div class=\"elementor-widget-wrap elementor-element-populated\">\n\t\t\t\t\t\t<div class=\"elementor-element elementor-element-df3faf1 elementor-widget elementor-widget-heading\" data-id=\"df3faf1\" data-element_type=\"widget\" data-e-type=\"widget\" data-widget_type=\"heading.default\">\n\t\t\t\t<div class=\"elementor-widget-container\">\n\t\t\t\t\t<h4 class=\"elementor-heading-title elementor-size-default\">Gruppencoaching - Vom Getriebensein zur Erf\u00fcllung<\/h4>\t\t\t\t<\/div>\n\t\t\t\t<\/div>\n\t\t\t\t<div class=\"elementor-element elementor-element-2de4b99 elementor-widget elementor-widget-text-editor\" data-id=\"2de4b99\" data-element_type=\"widget\" data-e-type=\"widget\" data-widget_type=\"text-editor.default\">\n\t\t\t\t<div class=\"elementor-widget-container\">\n\t\t\t\t\t\t\t\t\t<p style=\"font-size: 15px; font-style: normal; font-weight: 500; margin: 0;\"><br \/><strong>Start:<\/strong> Dienstag, 07. April 2026; jeden 1. Dienstag im Monat<br \/><strong>Zeit:<\/strong> 18:00 \u2013 20:00 Uhr<br \/><strong>Ort:<\/strong> NLP Institut Jonat, Salzkotten, N\u00e4he Paderborn<br \/><strong>Format:<\/strong> Pr\u00e4senzveranstaltung<br \/><strong>Veranstalter:<\/strong> NLP Institut Jonat &amp; Proentials<br \/><strong>Zielgruppe:<\/strong> Dieses Gruppencoaching richtet sich an Menschen, die viel leisten, Verantwortung tragen und dennoch h\u00e4ufig inneren Druck, Ersch\u00f6pfung oder das Gef\u00fchl erleben, dass es nicht reicht.<\/p><p style=\"font-size: 15px; font-weight: 500; margin-top: 14px; margin-bottom: 0;\">In f\u00fcnf aufeinander aufbauenden Modulen verbinden wir psychologisch fundierte Methoden mit NLP-Techniken. Ziel ist es, innere Antreiber und Glaubenss\u00e4tze bewusst zu machen, hinderliche Muster zu ver\u00e4ndern und gesunde Strategien zu entwickeln, die Leistung und Erf\u00fcllung langfristig in Einklang bringen.<\/p>\t\t\t\t\t\t\t\t<\/div>\n\t\t\t\t<\/div>\n\t\t\t\t<div class=\"elementor-element elementor-element-deafad5 elementor-widget elementor-widget-button\" data-id=\"deafad5\" data-element_type=\"widget\" data-e-type=\"widget\" data-widget_type=\"button.default\">\n\t\t\t\t<div class=\"elementor-widget-container\">\n\t\t\t\t\t\t\t\t\t<div class=\"elementor-button-wrapper\">\n\t\t\t\t\t<a class=\"elementor-button elementor-button-link elementor-size-sm\" href=\"https:\/\/nlp-institut-jonat.de\/coaching\/\">\n\t\t\t\t\t\t<span class=\"elementor-button-content-wrapper\">\n\t\t\t\t\t\t\t\t\t<span class=\"elementor-button-text\">Anmeldung und n\u00e4here Infos<\/span>\n\t\t\t\t\t<\/span>\n\t\t\t\t\t<\/a>\n\t\t\t\t<\/div>\n\t\t\t\t\t\t\t\t<\/div>\n\t\t\t\t<\/div>\n\t\t\t\t\t<\/div>\n\t\t<\/div>\n\t\t\t\t\t<\/div>\n\t\t<\/section>\n\t\t\t\t<section class=\"elementor-section elementor-top-section elementor-element elementor-element-b32db26 elementor-section-boxed elementor-section-height-default elementor-section-height-default\" data-id=\"b32db26\" data-element_type=\"section\" data-e-type=\"section\" data-settings=\"{&quot;background_background&quot;:&quot;classic&quot;}\">\n\t\t\t\t\t\t<div class=\"elementor-container elementor-column-gap-default\">\n\t\t\t\t\t<div class=\"elementor-column elementor-col-100 elementor-top-column elementor-element elementor-element-ae36f6c\" data-id=\"ae36f6c\" data-element_type=\"column\" data-e-type=\"column\" data-settings=\"{&quot;background_background&quot;:&quot;classic&quot;}\">\n\t\t\t<div class=\"elementor-widget-wrap elementor-element-populated\">\n\t\t\t\t\t\t<div class=\"elementor-element elementor-element-86b4f53 elementor-widget elementor-widget-heading\" data-id=\"86b4f53\" data-element_type=\"widget\" data-e-type=\"widget\" data-widget_type=\"heading.default\">\n\t\t\t\t<div class=\"elementor-widget-container\">\n\t\t\t\t\t<h4 class=\"elementor-heading-title elementor-size-default\">NLP-Practitioner-Ausbildung (DVNLP)<\/h4>\t\t\t\t<\/div>\n\t\t\t\t<\/div>\n\t\t\t\t<div class=\"elementor-element elementor-element-4d1fbcc elementor-widget elementor-widget-text-editor\" data-id=\"4d1fbcc\" data-element_type=\"widget\" data-e-type=\"widget\" data-widget_type=\"text-editor.default\">\n\t\t\t\t<div class=\"elementor-widget-container\">\n\t\t\t\t\t\t\t\t\t<p><strong>Start:<\/strong> 21. M\u00e4rz 2026<br \/><strong>Ort:<\/strong> NLP Institut Jonat, Salzkotten, N\u00e4he Paderborn<br \/><strong>Format:<\/strong> Pr\u00e4senzveranstaltung<br \/><strong>Veranstalter:<\/strong> NLP Institut Jonat (<a href=\"https:\/\/nlp-institut-jonat.de\/nlp-ausbildung\/nlp-coach-ausbildung\/\">NLP Practitioner Ausbildung &#8211; NLP-Institut J\u00fcrgen Jonat<\/a>)<br \/><strong>Zielgruppe:<\/strong> Personen mit Interesse an NLP, Kommunikation und Pers\u00f6nlichkeitsentwicklung, auch f\u00fcr Coaches, Trainer:innen, F\u00fchrungskr\u00e4fte<\/p><p>Die NLP-Practitioner-Ausbildung vermittelt praxisnahes Handwerkszeug zur professionellen Begleitung von Ver\u00e4nderungsprozessen.<br \/>Die Ausbildung ist wissenschaftlich fundiert und erfahrungsorientiert gestaltet.<\/p>\t\t\t\t\t\t\t\t<\/div>\n\t\t\t\t<\/div>\n\t\t\t\t<div class=\"elementor-element elementor-element-7b17416 elementor-widget elementor-widget-button\" data-id=\"7b17416\" data-element_type=\"widget\" data-e-type=\"widget\" data-widget_type=\"button.default\">\n\t\t\t\t<div class=\"elementor-widget-container\">\n\t\t\t\t\t\t\t\t\t<div class=\"elementor-button-wrapper\">\n\t\t\t\t\t<a class=\"elementor-button elementor-button-link elementor-size-sm\" href=\"https:\/\/nlp-institut-jonat.de\/nlp-ausbildung\/nlp-practitioner-ausbildung\/\">\n\t\t\t\t\t\t<span class=\"elementor-button-content-wrapper\">\n\t\t\t\t\t\t\t\t\t<span class=\"elementor-button-text\">Anmeldung und n\u00e4here Infos<\/span>\n\t\t\t\t\t<\/span>\n\t\t\t\t\t<\/a>\n\t\t\t\t<\/div>\n\t\t\t\t\t\t\t\t<\/div>\n\t\t\t\t<\/div>\n\t\t\t\t\t<\/div>\n\t\t<\/div>\n\t\t\t\t\t<\/div>\n\t\t<\/section>\n\t\t\t\t<section class=\"elementor-section elementor-top-section elementor-element elementor-element-fa70cc8 elementor-section-boxed elementor-section-height-default elementor-section-height-default\" data-id=\"fa70cc8\" data-element_type=\"section\" data-e-type=\"section\" data-settings=\"{&quot;background_background&quot;:&quot;classic&quot;}\">\n\t\t\t\t\t\t<div class=\"elementor-container elementor-column-gap-default\">\n\t\t\t\t\t<div class=\"elementor-column elementor-col-100 elementor-top-column elementor-element elementor-element-4b5c58f\" data-id=\"4b5c58f\" data-element_type=\"column\" data-e-type=\"column\" data-settings=\"{&quot;background_background&quot;:&quot;classic&quot;}\">\n\t\t\t<div class=\"elementor-widget-wrap elementor-element-populated\">\n\t\t\t\t\t\t<div class=\"elementor-element elementor-element-66f0804 elementor-widget elementor-widget-heading\" data-id=\"66f0804\" data-element_type=\"widget\" data-e-type=\"widget\" data-widget_type=\"heading.default\">\n\t\t\t\t<div class=\"elementor-widget-container\">\n\t\t\t\t\t<h4 class=\"elementor-heading-title elementor-size-default\"><span style=\"font-size: 1.33333rem;font-style: normal;font-weight: 600\">Blockaden l\u00f6sen, Gef\u00fchle befreien \u2013 Psychologisch begleitetes Seminar<\/span><\/h4>\t\t\t\t<\/div>\n\t\t\t\t<\/div>\n\t\t\t\t<div class=\"elementor-element elementor-element-522af8c elementor-widget elementor-widget-text-editor\" data-id=\"522af8c\" data-element_type=\"widget\" data-e-type=\"widget\" data-widget_type=\"text-editor.default\">\n\t\t\t\t<div class=\"elementor-widget-container\">\n\t\t\t\t\t\t\t\t\t<p style=\"font-size: 15px; font-style: normal; font-weight: 500;\"><span style=\"font-size: 15px; font-weight: bold;\">Datum:<\/span>\u00a0Samstag, 16. Mai 2026<br \/><span style=\"font-size: 15px; font-weight: bold;\">Zeit:<\/span> 14:00 \u2013 18:00 Uhr<br \/><span style=\"font-size: 15px; font-weight: bold;\">Ort:<\/span>\u00a0Lotos Forum, Salzkotten, N\u00e4he Paderborn<br \/><span style=\"font-size: 15px; font-weight: bold;\">Format:<\/span>\u00a0Kleingruppen-Seminar (max. 12 Teilnehmende)<br \/><span style=\"font-size: 15px; font-weight: bold;\">Veranstalter:<\/span>\u00a0Lotos Forum e.V. (<a style=\"font-size: 15px; transition-property: all;\" href=\"http:\/\/www.lotosforum.de\/\">www.lotosforum.de<\/a>)<br \/><span style=\"font-size: 15px; font-weight: bold;\">Zielgruppe:<\/span> F\u00fcr alle, die sich in gesch\u00fctztem Rahmen mit eigenen Themen, Gef\u00fchlen oder Lebensfragen auseinandersetzen m\u00f6chten.<\/p><p><strong>Ein Tag f\u00fcr dich.<br \/><\/strong>Manchmal sp\u00fcren wir, dass etwas in uns feststeckt \u2013 Gef\u00fchle, Erinnerungen oder alte Muster, f\u00fcr die wir kaum Worte finden. In diesem Seminar bekommst du Raum, dich diesen inneren Themen achtsam zuzuwenden.<br \/>Du wirst psychologisch begleitet, findest Zugang zu dem, was dich bewegt \u2013 und dr\u00fcckst es \u00fcber kreative Materialien wie Farben, Ton, Naturfundst\u00fccke oder Papier aus. So entsteht ein Zugang zu deiner eigenen Tiefe, der nicht \u00fcber den Kopf, sondern \u00fcber das Sp\u00fcren und Gestalten wirkt.<\/p><p>Ein Tag, der ber\u00fchrt, befreit und dir hilft, klarer und verbundener bei dir selbst anzukommen.<\/p>\t\t\t\t\t\t\t\t<\/div>\n\t\t\t\t<\/div>\n\t\t\t\t<div class=\"elementor-element elementor-element-2e7af09 elementor-widget elementor-widget-button\" data-id=\"2e7af09\" data-element_type=\"widget\" data-e-type=\"widget\" data-widget_type=\"button.default\">\n\t\t\t\t<div class=\"elementor-widget-container\">\n\t\t\t\t\t\t\t\t\t<div class=\"elementor-button-wrapper\">\n\t\t\t\t\t<a class=\"elementor-button elementor-button-link elementor-size-sm\" href=\"https:\/\/lotosforum.de\/index.html\">\n\t\t\t\t\t\t<span class=\"elementor-button-content-wrapper\">\n\t\t\t\t\t\t\t\t\t<span class=\"elementor-button-text\">Anmeldung und n\u00e4here Infos<\/span>\n\t\t\t\t\t<\/span>\n\t\t\t\t\t<\/a>\n\t\t\t\t<\/div>\n\t\t\t\t\t\t\t\t<\/div>\n\t\t\t\t<\/div>\n\t\t\t\t\t<\/div>\n\t\t<\/div>\n\t\t\t\t\t<\/div>\n\t\t<\/section>\n\t\t\t\t<section class=\"elementor-section elementor-top-section elementor-element elementor-element-2cf67b6 elementor-section-boxed elementor-section-height-default elementor-section-height-default\" data-id=\"2cf67b6\" data-element_type=\"section\" data-e-type=\"section\" data-settings=\"{&quot;background_background&quot;:&quot;classic&quot;}\">\n\t\t\t\t\t\t<div class=\"elementor-container elementor-column-gap-default\">\n\t\t\t\t\t<div class=\"elementor-column elementor-col-100 elementor-top-column elementor-element elementor-element-b9c5844\" data-id=\"b9c5844\" data-element_type=\"column\" data-e-type=\"column\">\n\t\t\t<div class=\"elementor-widget-wrap elementor-element-populated\">\n\t\t\t\t\t\t<div class=\"elementor-element elementor-element-df1f530 elementor-widget elementor-widget-heading\" data-id=\"df1f530\" data-element_type=\"widget\" data-e-type=\"widget\" data-widget_type=\"heading.default\">\n\t\t\t\t<div class=\"elementor-widget-container\">\n\t\t\t\t\t<h2 class=\"elementor-heading-title elementor-size-default\">Kooperationen &amp; Partner<\/h2>\t\t\t\t<\/div>\n\t\t\t\t<\/div>\n\t\t\t\t<div class=\"elementor-element elementor-element-46d8175 elementor-widget-divider--view-line elementor-widget elementor-widget-divider\" data-id=\"46d8175\" data-element_type=\"widget\" data-e-type=\"widget\" data-widget_type=\"divider.default\">\n\t\t\t\t<div class=\"elementor-widget-container\">\n\t\t\t\t\t\t\t<div class=\"elementor-divider\">\n\t\t\t<span class=\"elementor-divider-separator\">\n\t\t\t\t\t\t<\/span>\n\t\t<\/div>\n\t\t\t\t\t\t<\/div>\n\t\t\t\t<\/div>\n\t\t\t\t<div class=\"elementor-element elementor-element-cf16110 elementor-widget elementor-widget-text-editor\" data-id=\"cf16110\" data-element_type=\"widget\" data-e-type=\"widget\" data-widget_type=\"text-editor.default\">\n\t\t\t\t<div class=\"elementor-widget-container\">\n\t\t\t\t\t\t\t\t\t<p>Ich arbeite mit ausgew\u00e4hlten Partnern und Institutionen zusammen, um fundierte Inhalte in wertsch\u00e4tzender Atmosph\u00e4re zu vermitteln:<\/p><p>Lotos Forum e.V., Salzkotten \u2013 <a href=\"http:\/\/www.lotosforum.de\">www.lotosforum.de <\/a><br \/>NLP Institut Jonat, Salzkotten \u2013 <a href=\"http:\/\/www.nlp-institut-jonat.de\">www.nlp-institut-jonat.de<\/a><br \/>Skoliofit &#8211; Ambulante Skoliosetherapie, Paderborn &#8211;\u00a0<a style=\"font-size: 15px; background-color: #ffffff;\" href=\"https:\/\/skoliofit.de\/\">www.skoliofit.de<\/a><\/p>\t\t\t\t\t\t\t\t<\/div>\n\t\t\t\t<\/div>\n\t\t\t\t\t<\/div>\n\t\t<\/div>\n\t\t\t\t\t<\/div>\n\t\t<\/section>\n\t\t\t\t<section class=\"elementor-section elementor-top-section elementor-element elementor-element-ba3982f elementor-section-boxed elementor-section-height-default elementor-section-height-default\" data-id=\"ba3982f\" data-element_type=\"section\" data-e-type=\"section\" data-settings=\"{&quot;background_background&quot;:&quot;classic&quot;}\">\n\t\t\t\t\t\t<div class=\"elementor-container elementor-column-gap-default\">\n\t\t\t\t\t<div class=\"elementor-column elementor-col-100 elementor-top-column elementor-element elementor-element-d5ae84d\" data-id=\"d5ae84d\" data-element_type=\"column\" data-e-type=\"column\">\n\t\t\t<div class=\"elementor-widget-wrap elementor-element-populated\">\n\t\t\t\t\t\t<div class=\"elementor-element elementor-element-6143401 elementor-widget elementor-widget-text-editor\" data-id=\"6143401\" data-element_type=\"widget\" data-e-type=\"widget\" data-widget_type=\"text-editor.default\">\n\t\t\t\t<div class=\"elementor-widget-container\">\n\t\t\t\t\t\t\t\t\t<p>Sie m\u00f6chten ein Angebot f\u00fcr Ihr Team, Ihre Organisation oder sich pers\u00f6nlich weiterentwickeln? Ich stehe Ihnen gerne f\u00fcr ein pers\u00f6nliches Gespr\u00e4ch zur Verf\u00fcgung.<\/p>\t\t\t\t\t\t\t\t<\/div>\n\t\t\t\t<\/div>\n\t\t\t\t<div class=\"elementor-element elementor-element-de56d65 elementor-align-center elementor-widget elementor-widget-button\" data-id=\"de56d65\" data-element_type=\"widget\" data-e-type=\"widget\" data-widget_type=\"button.default\">\n\t\t\t\t<div class=\"elementor-widget-container\">\n\t\t\t\t\t\t\t\t\t<div class=\"elementor-button-wrapper\">\n\t\t\t\t\t<a class=\"elementor-button elementor-button-link elementor-size-sm\" href=\"https:\/\/proentials.de\/index.php\/kontakt\/\">\n\t\t\t\t\t\t<span class=\"elementor-button-content-wrapper\">\n\t\t\t\t\t\t\t\t\t<span class=\"elementor-button-text\">Zum Kontaktformular<\/span>\n\t\t\t\t\t<\/span>\n\t\t\t\t\t<\/a>\n\t\t\t\t<\/div>\n\t\t\t\t\t\t\t\t<\/div>\n\t\t\t\t<\/div>\n\t\t\t\t\t<\/div>\n\t\t<\/div>\n\t\t\t\t\t<\/div>\n\t\t<\/section>\n\t\t\t\t<\/div>\n\t\t","protected":false},"excerpt":{"rendered":"<p>Aktuelle Termine &amp; Angebote Impulse f\u00fcr Ver\u00e4nderung Auf dieser Seite finden Sie aktuelle Angebote, bei denen Sie mit mir pers\u00f6nlich arbeiten k\u00f6nnen \u2013 in Kooperation mit renommierten Partnerinstituten. Die Veranstaltungen richten sich an Einzelpersonen, Teams und Organisationen \u2013 und verbinden professionelle Weiterentwicklung mit einem hohen Ma\u00df an Selbstreflexion, Wirksamkeit und Tiefe. Gruppencoaching &#8211; Vom Getriebensein [&hellip;]<\/p>\n","protected":false},"author":1,"featured_media":0,"parent":0,"menu_order":0,"comment_status":"closed","ping_status":"closed","template":"","meta":{"site-sidebar-layout":"no-sidebar","site-content-layout":"page-builder","ast-site-content-layout":"full-width-container","site-content-style":"default","site-sidebar-style":"default","ast-global-header-display":"","ast-banner-title-visibility":"","ast-main-header-display":"","ast-hfb-above-header-display":"","ast-hfb-below-header-display":"","ast-hfb-mobile-header-display":"","site-post-title":"disabled","ast-breadcrumbs-content":"","ast-featured-img":"disabled","footer-sml-layout":"","ast-disable-related-posts":"","theme-transparent-header-meta":"","adv-header-id-meta":"","stick-header-meta":"","header-above-stick-meta":"","header-main-stick-meta":"","header-below-stick-meta":"","astra-migrate-meta-layouts":"set","ast-page-background-enabled":"default","ast-page-background-meta":{"desktop":{"background-color":"","background-image":"","background-repeat":"repeat","background-position":"center center","background-size":"auto","background-attachment":"scroll","background-type":"","background-media":"","overlay-type":"","overlay-color":"","overlay-opacity":"","overlay-gradient":""},"tablet":{"background-color":"","background-image":"","background-repeat":"repeat","background-position":"center center","background-size":"auto","background-attachment":"scroll","background-type":"","background-media":"","overlay-type":"","overlay-color":"","overlay-opacity":"","overlay-gradient":""},"mobile":{"background-color":"","background-image":"","background-repeat":"repeat","background-position":"center center","background-size":"auto","background-attachment":"scroll","background-type":"","background-media":"","overlay-type":"","overlay-color":"","overlay-opacity":"","overlay-gradient":""}},"ast-content-background-meta":{"desktop":{"background-color":"var(--ast-global-color-5)","background-image":"","background-repeat":"repeat","background-position":"center center","background-size":"auto","background-attachment":"scroll","background-type":"","background-media":"","overlay-type":"","overlay-color":"","overlay-opacity":"","overlay-gradient":""},"tablet":{"background-color":"var(--ast-global-color-5)","background-image":"","background-repeat":"repeat","background-position":"center center","background-size":"auto","background-attachment":"scroll","background-type":"","background-media":"","overlay-type":"","overlay-color":"","overlay-opacity":"","overlay-gradient":""},"mobile":{"background-color":"var(--ast-global-color-5)","background-image":"","background-repeat":"repeat","background-position":"center center","background-size":"auto","background-attachment":"scroll","background-type":"","background-media":"","overlay-type":"","overlay-color":"","overlay-opacity":"","overlay-gradient":""}},"footnotes":""},"class_list":["post-1576","page","type-page","status-publish","hentry"],"_links":{"self":[{"href":"https:\/\/proentials.de\/index.php\/wp-json\/wp\/v2\/pages\/1576","targetHints":{"allow":["GET"]}}],"collection":[{"href":"https:\/\/proentials.de\/index.php\/wp-json\/wp\/v2\/pages"}],"about":[{"href":"https:\/\/proentials.de\/index.php\/wp-json\/wp\/v2\/types\/page"}],"author":[{"embeddable":true,"href":"https:\/\/proentials.de\/index.php\/wp-json\/wp\/v2\/users\/1"}],"replies":[{"embeddable":true,"href":"https:\/\/proentials.de\/index.php\/wp-json\/wp\/v2\/comments?post=1576"}],"version-history":[{"count":73,"href":"https:\/\/proentials.de\/index.php\/wp-json\/wp\/v2\/pages\/1576\/revisions"}],"predecessor-version":[{"id":1775,"href":"https:\/\/proentials.de\/index.php\/wp-json\/wp\/v2\/pages\/1576\/revisions\/1775"}],"wp:attachment":[{"href":"https:\/\/proentials.de\/index.php\/wp-json\/wp\/v2\/media?parent=1576"}],"curies":[{"name":"wp","href":"https:\/\/api.w.org\/{rel}","templated":true}]}}